{"id":6949,"date":"2025-03-17T18:38:41","date_gmt":"2025-03-17T17:38:41","guid":{"rendered":"https:\/\/www.finquesmigdia.es\/property\/duplex-en-girona-7-habitaciones-y-4-banos\/"},"modified":"2025-03-19T11:33:35","modified_gmt":"2025-03-19T10:33:35","slug":"duplex-en-girona-7-habitaciones-y-4-banos","status":"publish","type":"property","link":"https:\/\/www.finquesmigdia.es\/es\/property\/duplex-en-girona-7-habitaciones-y-4-banos\/","title":{"rendered":"D\u00faplex en Girona \u2013 7 Habitaciones y 4 ba\u00f1os"},"content":{"rendered":"\n<p>Descubre este impresionante d\u00faplex de 214 m\u00b2 construidos situado en una finca exclusiva en C. Barcelona &#8211; Pati Illa, con orientaci\u00f3n Este-Oeste que garantiza luz natural todo el d\u00eda.<\/p>\n\n<p>Distribuci\u00f3n:<br\/> \u2705 Planta principal: Recibidor, distribuidor, cocina abierta al comedor-estar con salida a balc\u00f3n, lavadero y patio de luz. Adem\u00e1s cuenta con 4 dormitorios, 2 de ellos en suite con vestidor. <br\/>\u2705 Planta d\u00faplex (bajo cubierta): 3 dormitorios m\u00e1s un estudio, un ba\u00f1o completo y ventanas a techo tipo Velux.<\/p>\n\n<p>Otras caracter\u00edsticas:<br\/> \u2022 Superficie \u00fatil total: 185,98 m\u00b2<br\/> \u2022 Terrazas: 20,36 m\u00b2<\/p>\n\n<p>Una vivienda \u00fanica, espaciosa y funcional, perfecta para familias o aquellas que buscan comodidad y estilo en una de las mejores zonas de la ciudad.<\/p>\n\n<p>\u00a1Contacta con nosotros para m\u00e1s informaci\u00f3n y concertar una visita!<\/p>\n","protected":false},"excerpt":{"rendered":"<p>Descubre este impresionante d\u00faplex de 214 m\u00b2 construidos situado en una finca exclusiva en C. Barcelona &#8211; Pati Illa, con orientaci\u00f3n Este-Oeste que garantiza luz natural todo el d\u00eda. Distribuci\u00f3n: \u2705 Planta principal: Recibidor, distribuidor, cocina abierta al comedor-estar con salida a balc\u00f3n, lavadero y patio de luz. Adem\u00e1s cuenta con 4 dormitorios, 2 de [&hellip;]<\/p>\n","protected":false},"author":4,"featured_media":6854,"parent":0,"menu_order":0,"template":"","property_type":[45],"property_status":[50],"property_feature":[],"property_label":[],"property_country":[],"property_state":[],"property_city":[51],"property_area":[103],"class_list":["post-6949","property","type-property","status-publish","has-post-thumbnail","hentry","property_type-atico","property_status-venta","property_city-girona-es","property_area-zona-7-centre-es"],"property_meta":{"fave_featured":["0"],"houzez_featured_listing_date":[""],"fave_property_images":["6853","6855","6857","6859","6861","6863","6865","6867","6869","6871","6873","6875","6877","6879","6881","6883","6885","6887","6889","6891","6893","6895","6897","6899","6901","6903","6905","6907","6911","6913","6915","6917","6919","6921","6923","6925","6927","6929","6931","6933","6935","6937","6939","6941","6943","6945","6909"],"fave_single_top_area":["global"],"fave_single_content_area":["global"],"_top_nav_excluded":[""],"_cms_nav_minihome":[""],"houzez_geolocation_lat":["41.972746304699"],"houzez_geolocation_long":["2.8203580348798"],"_thumbnail_id":["6854"],"_last_translation_edit_mode":["translation-editor","translation-editor"],"fave_property_price":["1200000"],"fave_property_size":["214"],"fave_property_bedrooms":["7"],"fave_property_bathrooms":["4"],"fave_property_year":["2024"],"fave_property_id":["6797"],"fave_property_map":["1"],"fave_property_location":["41.972746304699,2.8203580348798,15"],"fave_property_map_street_view":["hide"],"fave_agent_display_option":["author_info"],"fave_prop_homeslider":["no"],"houzez_total_property_views":["708"],"houzez_views_by_date":["a:61:{s:10:\"02-11-2026\";i:4;s:10:\"02-12-2026\";i:5;s:10:\"02-14-2026\";i:3;s:10:\"02-16-2026\";i:5;s:10:\"02-17-2026\";i:4;s:10:\"02-18-2026\";i:1;s:10:\"02-19-2026\";i:1;s:10:\"02-21-2026\";i:1;s:10:\"02-22-2026\";i:3;s:10:\"02-23-2026\";i:2;s:10:\"02-24-2026\";i:2;s:10:\"02-25-2026\";i:2;s:10:\"02-27-2026\";i:1;s:10:\"02-28-2026\";i:1;s:10:\"03-01-2026\";i:1;s:10:\"03-07-2026\";i:1;s:10:\"03-08-2026\";i:1;s:10:\"03-09-2026\";i:1;s:10:\"03-11-2026\";i:2;s:10:\"03-12-2026\";i:4;s:10:\"03-13-2026\";i:1;s:10:\"03-14-2026\";i:1;s:10:\"03-15-2026\";i:3;s:10:\"03-17-2026\";i:1;s:10:\"03-19-2026\";i:1;s:10:\"03-20-2026\";i:1;s:10:\"03-21-2026\";i:2;s:10:\"03-23-2026\";i:2;s:10:\"03-24-2026\";i:2;s:10:\"03-25-2026\";i:1;s:10:\"03-26-2026\";i:2;s:10:\"03-28-2026\";i:3;s:10:\"03-29-2026\";i:1;s:10:\"03-31-2026\";i:1;s:10:\"04-02-2026\";i:1;s:10:\"04-03-2026\";i:4;s:10:\"04-04-2026\";i:1;s:10:\"04-06-2026\";i:1;s:10:\"04-07-2026\";i:1;s:10:\"04-08-2026\";i:3;s:10:\"04-09-2026\";i:4;s:10:\"04-10-2026\";i:4;s:10:\"04-11-2026\";i:4;s:10:\"04-12-2026\";i:5;s:10:\"04-13-2026\";i:5;s:10:\"04-14-2026\";i:1;s:10:\"04-15-2026\";i:3;s:10:\"04-17-2026\";i:3;s:10:\"04-18-2026\";i:2;s:10:\"04-19-2026\";i:2;s:10:\"04-20-2026\";i:3;s:10:\"04-22-2026\";i:2;s:10:\"04-23-2026\";i:1;s:10:\"04-24-2026\";i:1;s:10:\"04-25-2026\";i:3;s:10:\"04-26-2026\";i:2;s:10:\"04-27-2026\";i:3;s:10:\"04-28-2026\";i:1;s:10:\"04-30-2026\";i:4;s:10:\"05-01-2026\";i:3;s:10:\"05-02-2026\";i:1;}"],"houzez_recently_viewed":["2026-05-02 03:02:30"]},"yoast_head":"<!-- This site is optimized with the Yoast SEO plugin v21.5 - https:\/\/yoast.com\/wordpress\/plugins\/seo\/ -->\n<title>D\u00faplex en Girona \u2013 7 Habitaciones y 4 ba\u00f1os - Finques Migdia<\/title>\n<meta name=\"robots\" content=\"index, follow, max-snippet:-1, max-image-preview:large, max-video-preview:-1\" \/>\n<link rel=\"canonical\" href=\"https:\/\/www.finquesmigdia.es\/es\/property\/duplex-en-girona-7-habitaciones-y-4-banos\/\" \/>\n<meta property=\"og:locale\" content=\"es_ES\" \/>\n<meta property=\"og:type\" content=\"article\" \/>\n<meta property=\"og:title\" content=\"D\u00faplex en Girona \u2013 7 Habitaciones y 4 ba\u00f1os - Finques Migdia\" \/>\n<meta property=\"og:description\" content=\"Descubre este impresionante d\u00faplex de 214 m\u00b2 construidos situado en una finca exclusiva en C. Barcelona &#8211; Pati Illa, con orientaci\u00f3n Este-Oeste que garantiza luz natural todo el d\u00eda. Distribuci\u00f3n: \u2705 Planta principal: Recibidor, distribuidor, cocina abierta al comedor-estar con salida a balc\u00f3n, lavadero y patio de luz. Adem\u00e1s cuenta con 4 dormitorios, 2 de [&hellip;]\" \/>\n<meta property=\"og:url\" content=\"https:\/\/www.finquesmigdia.es\/es\/property\/duplex-en-girona-7-habitaciones-y-4-banos\/\" \/>\n<meta property=\"og:site_name\" content=\"Finques Migdia\" \/>\n<meta property=\"article:modified_time\" content=\"2025-03-19T10:33:35+00:00\" \/>\n<meta property=\"og:image\" content=\"https:\/\/www.finquesmigdia.es\/wp-content\/uploads\/2025\/03\/4918-1.jpg.webp\" \/>\n\t<meta property=\"og:image:width\" content=\"1333\" \/>\n\t<meta property=\"og:image:height\" content=\"1000\" \/>\n\t<meta property=\"og:image:type\" content=\"image\/webp\" \/>\n<meta name=\"twitter:card\" content=\"summary_large_image\" \/>\n<meta name=\"twitter:label1\" content=\"Tiempo de lectura\" \/>\n\t<meta name=\"twitter:data1\" content=\"1 minuto\" \/>\n<script type=\"application\/ld+json\" class=\"yoast-schema-graph\">{\"@context\":\"https:\/\/schema.org\",\"@graph\":[{\"@type\":\"WebPage\",\"@id\":\"https:\/\/www.finquesmigdia.es\/es\/property\/duplex-en-girona-7-habitaciones-y-4-banos\/\",\"url\":\"https:\/\/www.finquesmigdia.es\/es\/property\/duplex-en-girona-7-habitaciones-y-4-banos\/\",\"name\":\"D\u00faplex en Girona \u2013 7 Habitaciones y 4 ba\u00f1os - Finques Migdia\",\"isPartOf\":{\"@id\":\"https:\/\/www.finquesmigdia.es\/es\/#website\"},\"datePublished\":\"2025-03-17T17:38:41+00:00\",\"dateModified\":\"2025-03-19T10:33:35+00:00\",\"breadcrumb\":{\"@id\":\"https:\/\/www.finquesmigdia.es\/es\/property\/duplex-en-girona-7-habitaciones-y-4-banos\/#breadcrumb\"},\"inLanguage\":\"es\",\"potentialAction\":[{\"@type\":\"ReadAction\",\"target\":[\"https:\/\/www.finquesmigdia.es\/es\/property\/duplex-en-girona-7-habitaciones-y-4-banos\/\"]}]},{\"@type\":\"BreadcrumbList\",\"@id\":\"https:\/\/www.finquesmigdia.es\/es\/property\/duplex-en-girona-7-habitaciones-y-4-banos\/#breadcrumb\",\"itemListElement\":[{\"@type\":\"ListItem\",\"position\":1,\"name\":\"Home\",\"item\":\"https:\/\/www.finquesmigdia.es\/es\/home\/\"},{\"@type\":\"ListItem\",\"position\":2,\"name\":\"Propiedades\",\"item\":\"https:\/\/www.finquesmigdia.es\/es\/property\/\"},{\"@type\":\"ListItem\",\"position\":3,\"name\":\"\u00c1tico\",\"item\":\"https:\/\/www.finquesmigdia.es\/es\/property-type\/atico\/\"},{\"@type\":\"ListItem\",\"position\":4,\"name\":\"D\u00faplex en Girona \u2013 7 Habitaciones y 4 ba\u00f1os\"}]},{\"@type\":\"WebSite\",\"@id\":\"https:\/\/www.finquesmigdia.es\/es\/#website\",\"url\":\"https:\/\/www.finquesmigdia.es\/es\/\",\"name\":\"Finques Migdia\",\"description\":\"\",\"publisher\":{\"@id\":\"https:\/\/www.finquesmigdia.es\/es\/#organization\"},\"potentialAction\":[{\"@type\":\"SearchAction\",\"target\":{\"@type\":\"EntryPoint\",\"urlTemplate\":\"https:\/\/www.finquesmigdia.es\/es\/?s={search_term_string}\"},\"query-input\":\"required name=search_term_string\"}],\"inLanguage\":\"es\"},{\"@type\":\"Organization\",\"@id\":\"https:\/\/www.finquesmigdia.es\/es\/#organization\",\"name\":\"Finques Migdia\",\"url\":\"https:\/\/www.finquesmigdia.es\/es\/\",\"logo\":{\"@type\":\"ImageObject\",\"inLanguage\":\"es\",\"@id\":\"https:\/\/www.finquesmigdia.es\/es\/#\/schema\/logo\/image\/\",\"url\":\"https:\/\/www.finquesmigdia.es\/wp-content\/uploads\/2023\/09\/logo_finquesmigdia.png\",\"contentUrl\":\"https:\/\/www.finquesmigdia.es\/wp-content\/uploads\/2023\/09\/logo_finquesmigdia.png\",\"width\":1317,\"height\":318,\"caption\":\"Finques Migdia\"},\"image\":{\"@id\":\"https:\/\/www.finquesmigdia.es\/es\/#\/schema\/logo\/image\/\"}}]}<\/script>\n<!-- \/ Yoast SEO plugin. -->","yoast_head_json":{"title":"D\u00faplex en Girona \u2013 7 Habitaciones y 4 ba\u00f1os - Finques Migdia","robots":{"index":"index","follow":"follow","max-snippet":"max-snippet:-1","max-image-preview":"max-image-preview:large","max-video-preview":"max-video-preview:-1"},"canonical":"https:\/\/www.finquesmigdia.es\/es\/property\/duplex-en-girona-7-habitaciones-y-4-banos\/","og_locale":"es_ES","og_type":"article","og_title":"D\u00faplex en Girona \u2013 7 Habitaciones y 4 ba\u00f1os - Finques Migdia","og_description":"Descubre este impresionante d\u00faplex de 214 m\u00b2 construidos situado en una finca exclusiva en C. Barcelona &#8211; Pati Illa, con orientaci\u00f3n Este-Oeste que garantiza luz natural todo el d\u00eda. Distribuci\u00f3n: \u2705 Planta principal: Recibidor, distribuidor, cocina abierta al comedor-estar con salida a balc\u00f3n, lavadero y patio de luz. Adem\u00e1s cuenta con 4 dormitorios, 2 de [&hellip;]","og_url":"https:\/\/www.finquesmigdia.es\/es\/property\/duplex-en-girona-7-habitaciones-y-4-banos\/","og_site_name":"Finques Migdia","article_modified_time":"2025-03-19T10:33:35+00:00","og_image":[{"width":1333,"height":1000,"url":"https:\/\/www.finquesmigdia.es\/wp-content\/uploads\/2025\/03\/4918-1.jpg.webp","type":"image\/webp"}],"twitter_card":"summary_large_image","twitter_misc":{"Tiempo de lectura":"1 minuto"},"schema":{"@context":"https:\/\/schema.org","@graph":[{"@type":"WebPage","@id":"https:\/\/www.finquesmigdia.es\/es\/property\/duplex-en-girona-7-habitaciones-y-4-banos\/","url":"https:\/\/www.finquesmigdia.es\/es\/property\/duplex-en-girona-7-habitaciones-y-4-banos\/","name":"D\u00faplex en Girona \u2013 7 Habitaciones y 4 ba\u00f1os - Finques Migdia","isPartOf":{"@id":"https:\/\/www.finquesmigdia.es\/es\/#website"},"datePublished":"2025-03-17T17:38:41+00:00","dateModified":"2025-03-19T10:33:35+00:00","breadcrumb":{"@id":"https:\/\/www.finquesmigdia.es\/es\/property\/duplex-en-girona-7-habitaciones-y-4-banos\/#breadcrumb"},"inLanguage":"es","potentialAction":[{"@type":"ReadAction","target":["https:\/\/www.finquesmigdia.es\/es\/property\/duplex-en-girona-7-habitaciones-y-4-banos\/"]}]},{"@type":"BreadcrumbList","@id":"https:\/\/www.finquesmigdia.es\/es\/property\/duplex-en-girona-7-habitaciones-y-4-banos\/#breadcrumb","itemListElement":[{"@type":"ListItem","position":1,"name":"Home","item":"https:\/\/www.finquesmigdia.es\/es\/home\/"},{"@type":"ListItem","position":2,"name":"Propiedades","item":"https:\/\/www.finquesmigdia.es\/es\/property\/"},{"@type":"ListItem","position":3,"name":"\u00c1tico","item":"https:\/\/www.finquesmigdia.es\/es\/property-type\/atico\/"},{"@type":"ListItem","position":4,"name":"D\u00faplex en Girona \u2013 7 Habitaciones y 4 ba\u00f1os"}]},{"@type":"WebSite","@id":"https:\/\/www.finquesmigdia.es\/es\/#website","url":"https:\/\/www.finquesmigdia.es\/es\/","name":"Finques Migdia","description":"","publisher":{"@id":"https:\/\/www.finquesmigdia.es\/es\/#organization"},"potentialAction":[{"@type":"SearchAction","target":{"@type":"EntryPoint","urlTemplate":"https:\/\/www.finquesmigdia.es\/es\/?s={search_term_string}"},"query-input":"required name=search_term_string"}],"inLanguage":"es"},{"@type":"Organization","@id":"https:\/\/www.finquesmigdia.es\/es\/#organization","name":"Finques Migdia","url":"https:\/\/www.finquesmigdia.es\/es\/","logo":{"@type":"ImageObject","inLanguage":"es","@id":"https:\/\/www.finquesmigdia.es\/es\/#\/schema\/logo\/image\/","url":"https:\/\/www.finquesmigdia.es\/wp-content\/uploads\/2023\/09\/logo_finquesmigdia.png","contentUrl":"https:\/\/www.finquesmigdia.es\/wp-content\/uploads\/2023\/09\/logo_finquesmigdia.png","width":1317,"height":318,"caption":"Finques Migdia"},"image":{"@id":"https:\/\/www.finquesmigdia.es\/es\/#\/schema\/logo\/image\/"}}]}},"_links":{"self":[{"href":"https:\/\/www.finquesmigdia.es\/es\/wp-json\/wp\/v2\/properties\/6949","targetHints":{"allow":["GET"]}}],"collection":[{"href":"https:\/\/www.finquesmigdia.es\/es\/wp-json\/wp\/v2\/properties"}],"about":[{"href":"https:\/\/www.finquesmigdia.es\/es\/wp-json\/wp\/v2\/types\/property"}],"author":[{"embeddable":true,"href":"https:\/\/www.finquesmigdia.es\/es\/wp-json\/wp\/v2\/users\/4"}],"version-history":[{"count":2,"href":"https:\/\/www.finquesmigdia.es\/es\/wp-json\/wp\/v2\/properties\/6949\/revisions"}],"predecessor-version":[{"id":6951,"href":"https:\/\/www.finquesmigdia.es\/es\/wp-json\/wp\/v2\/properties\/6949\/revisions\/6951"}],"wp:featuredmedia":[{"embeddable":true,"href":"https:\/\/www.finquesmigdia.es\/es\/wp-json\/wp\/v2\/media\/6854"}],"wp:attachment":[{"href":"https:\/\/www.finquesmigdia.es\/es\/wp-json\/wp\/v2\/media?parent=6949"}],"wp:term":[{"taxonomy":"property_type","embeddable":true,"href":"https:\/\/www.finquesmigdia.es\/es\/wp-json\/wp\/v2\/property_type?post=6949"},{"taxonomy":"property_status","embeddable":true,"href":"https:\/\/www.finquesmigdia.es\/es\/wp-json\/wp\/v2\/property_status?post=6949"},{"taxonomy":"property_feature","embeddable":true,"href":"https:\/\/www.finquesmigdia.es\/es\/wp-json\/wp\/v2\/property_feature?post=6949"},{"taxonomy":"property_label","embeddable":true,"href":"https:\/\/www.finquesmigdia.es\/es\/wp-json\/wp\/v2\/property_label?post=6949"},{"taxonomy":"property_country","embeddable":true,"href":"https:\/\/www.finquesmigdia.es\/es\/wp-json\/wp\/v2\/property_country?post=6949"},{"taxonomy":"property_state","embeddable":true,"href":"https:\/\/www.finquesmigdia.es\/es\/wp-json\/wp\/v2\/property_state?post=6949"},{"taxonomy":"property_city","embeddable":true,"href":"https:\/\/www.finquesmigdia.es\/es\/wp-json\/wp\/v2\/property_city?post=6949"},{"taxonomy":"property_area","embeddable":true,"href":"https:\/\/www.finquesmigdia.es\/es\/wp-json\/wp\/v2\/property_area?post=6949"}],"curies":[{"name":"wp","href":"https:\/\/api.w.org\/{rel}","templated":true}]}}