{"id":6101,"date":"2024-10-14T18:50:31","date_gmt":"2024-10-14T16:50:31","guid":{"rendered":"https:\/\/www.finquesmigdia.es\/property\/nave-industrial-de-1002m2-con-parcela-de-1902m2-en-celra-girona\/"},"modified":"2024-10-15T10:55:16","modified_gmt":"2024-10-15T08:55:16","slug":"nave-industrial-de-1002m2-con-parcela-de-1902m2-en-celra-girona","status":"publish","type":"property","link":"https:\/\/www.finquesmigdia.es\/es\/property\/nave-industrial-de-1002m2-con-parcela-de-1902m2-en-celra-girona\/","title":{"rendered":"Nave industrial de 1002m2 con parcela de 1902m2 en Celr\u00e0, Girona"},"content":{"rendered":"\n<p>Nave industrial ubicada en el pol\u00edgono Industrial de celr\u00e1, Girona, con una superficie construida de 1002m2 y una parcela gr\u00e1fica de 1902m2. Construida de 1002m2. Construida en 1991, esta nave ofrece un espacio di\u00e1fande 780m2 en la planta baja, perfecta para actividades industriales. Adem\u00e1s dispone de dos puertas de acceso y una oficina de 111m2. Ideal para inversos o empresas.    <\/p>\n","protected":false},"excerpt":{"rendered":"<p>Nave industrial ubicada en el pol\u00edgono Industrial de celr\u00e1, Girona, con una superficie construida de 1002m2 y una parcela gr\u00e1fica de 1902m2. Construida de 1002m2. Construida en 1991, esta nave ofrece un espacio di\u00e1fande 780m2 en la planta baja, perfecta para actividades industriales. Adem\u00e1s dispone de dos puertas de acceso y una oficina de 111m2. [&hellip;]<\/p>\n","protected":false},"author":4,"featured_media":6090,"parent":0,"menu_order":0,"template":"","property_type":[38],"property_status":[50],"property_feature":[],"property_label":[],"property_country":[],"property_state":[],"property_city":[],"property_area":[],"class_list":["post-6101","property","type-property","status-publish","has-post-thumbnail","hentry","property_type-nave-industrial","property_status-venta"],"property_meta":{"fave_featured":["0"],"houzez_featured_listing_date":[""],"fave_property_images":["6088","6090","6092"],"fave_single_top_area":["global"],"fave_single_content_area":["global"],"_top_nav_excluded":[""],"_cms_nav_minihome":[""],"houzez_geolocation_lat":["41.972746304699"],"houzez_geolocation_long":["2.8203580348798"],"_thumbnail_id":["6090"],"_last_translation_edit_mode":["translation-editor"],"fave_property_price":["900000"],"fave_property_size":["1900"],"fave_property_size_prefix":["1002 Construidos"],"fave_property_year":["1991"],"fave_property_id":["6810"],"fave_property_map":["1"],"fave_property_location":["41.972746304699,2.8203580348798,15"],"fave_property_map_street_view":["hide"],"fave_agent_display_option":["author_info"],"fave_prop_homeslider":["no"],"houzez_manual_expire":["0"],"_houzez_expiration_date_status":["saved"],"_yoast_wpseo_primary_property_type":["19"],"_yoast_wpseo_primary_property_status":["25"],"_yoast_wpseo_primary_property_feature":[""],"_yoast_wpseo_primary_property_label":[""],"_yoast_wpseo_primary_property_country":[""],"_yoast_wpseo_primary_property_state":[""],"_yoast_wpseo_primary_property_city":[""],"_yoast_wpseo_primary_property_area":[""],"houzez_total_property_views":["994"],"houzez_views_by_date":["a:61:{s:10:\"02-21-2026\";i:2;s:10:\"02-22-2026\";i:3;s:10:\"02-23-2026\";i:2;s:10:\"02-24-2026\";i:2;s:10:\"02-25-2026\";i:5;s:10:\"02-26-2026\";i:2;s:10:\"02-27-2026\";i:5;s:10:\"02-28-2026\";i:2;s:10:\"03-01-2026\";i:1;s:10:\"03-02-2026\";i:1;s:10:\"03-03-2026\";i:2;s:10:\"03-04-2026\";i:2;s:10:\"03-05-2026\";i:1;s:10:\"03-06-2026\";i:3;s:10:\"03-07-2026\";i:1;s:10:\"03-08-2026\";i:1;s:10:\"03-10-2026\";i:1;s:10:\"03-12-2026\";i:4;s:10:\"03-13-2026\";i:7;s:10:\"03-14-2026\";i:2;s:10:\"03-15-2026\";i:3;s:10:\"03-16-2026\";i:1;s:10:\"03-17-2026\";i:4;s:10:\"03-18-2026\";i:4;s:10:\"03-19-2026\";i:1;s:10:\"03-20-2026\";i:3;s:10:\"03-21-2026\";i:2;s:10:\"03-23-2026\";i:1;s:10:\"03-24-2026\";i:1;s:10:\"03-25-2026\";i:4;s:10:\"03-26-2026\";i:2;s:10:\"03-27-2026\";i:2;s:10:\"03-28-2026\";i:1;s:10:\"03-30-2026\";i:1;s:10:\"03-31-2026\";i:5;s:10:\"04-02-2026\";i:4;s:10:\"04-03-2026\";i:1;s:10:\"04-04-2026\";i:3;s:10:\"04-05-2026\";i:1;s:10:\"04-06-2026\";i:1;s:10:\"04-07-2026\";i:2;s:10:\"04-08-2026\";i:1;s:10:\"04-09-2026\";i:4;s:10:\"04-10-2026\";i:3;s:10:\"04-11-2026\";i:5;s:10:\"04-12-2026\";i:5;s:10:\"04-13-2026\";i:4;s:10:\"04-15-2026\";i:9;s:10:\"04-16-2026\";i:1;s:10:\"04-17-2026\";i:1;s:10:\"04-18-2026\";i:4;s:10:\"04-19-2026\";i:1;s:10:\"04-20-2026\";i:1;s:10:\"04-21-2026\";i:2;s:10:\"04-23-2026\";i:2;s:10:\"04-24-2026\";i:2;s:10:\"04-25-2026\";i:2;s:10:\"04-26-2026\";i:4;s:10:\"04-27-2026\";i:3;s:10:\"04-29-2026\";i:2;s:10:\"04-30-2026\";i:2;}"],"houzez_recently_viewed":["2026-04-30 06:40:19"]},"yoast_head":"<!-- This site is optimized with the Yoast SEO plugin v21.5 - https:\/\/yoast.com\/wordpress\/plugins\/seo\/ -->\n<title>Nave industrial de 1002m2 con parcela de 1902m2 en Celr\u00e0, Girona - Finques Migdia<\/title>\n<meta name=\"robots\" content=\"index, follow, max-snippet:-1, max-image-preview:large, max-video-preview:-1\" \/>\n<link rel=\"canonical\" href=\"https:\/\/www.finquesmigdia.es\/es\/property\/nave-industrial-de-1002m2-con-parcela-de-1902m2-en-celra-girona\/\" \/>\n<meta property=\"og:locale\" content=\"es_ES\" \/>\n<meta property=\"og:type\" content=\"article\" \/>\n<meta property=\"og:title\" content=\"Nave industrial de 1002m2 con parcela de 1902m2 en Celr\u00e0, Girona - Finques Migdia\" \/>\n<meta property=\"og:description\" content=\"Nave industrial ubicada en el pol\u00edgono Industrial de celr\u00e1, Girona, con una superficie construida de 1002m2 y una parcela gr\u00e1fica de 1902m2. Construida de 1002m2. Construida en 1991, esta nave ofrece un espacio di\u00e1fande 780m2 en la planta baja, perfecta para actividades industriales. Adem\u00e1s dispone de dos puertas de acceso y una oficina de 111m2. [&hellip;]\" \/>\n<meta property=\"og:url\" content=\"https:\/\/www.finquesmigdia.es\/es\/property\/nave-industrial-de-1002m2-con-parcela-de-1902m2-en-celra-girona\/\" \/>\n<meta property=\"og:site_name\" content=\"Finques Migdia\" \/>\n<meta property=\"article:modified_time\" content=\"2024-10-15T08:55:16+00:00\" \/>\n<meta property=\"og:image\" content=\"https:\/\/www.finquesmigdia.es\/wp-content\/uploads\/2024\/10\/6810b-1024x768.jpg\" \/>\n\t<meta property=\"og:image:width\" content=\"1024\" \/>\n\t<meta property=\"og:image:height\" content=\"768\" \/>\n\t<meta property=\"og:image:type\" content=\"image\/jpeg\" \/>\n<meta name=\"twitter:card\" content=\"summary_large_image\" \/>\n<script type=\"application\/ld+json\" class=\"yoast-schema-graph\">{\"@context\":\"https:\/\/schema.org\",\"@graph\":[{\"@type\":\"WebPage\",\"@id\":\"https:\/\/www.finquesmigdia.es\/es\/property\/nave-industrial-de-1002m2-con-parcela-de-1902m2-en-celra-girona\/\",\"url\":\"https:\/\/www.finquesmigdia.es\/es\/property\/nave-industrial-de-1002m2-con-parcela-de-1902m2-en-celra-girona\/\",\"name\":\"Nave industrial de 1002m2 con parcela de 1902m2 en Celr\u00e0, Girona - Finques Migdia\",\"isPartOf\":{\"@id\":\"https:\/\/www.finquesmigdia.es\/es\/#website\"},\"datePublished\":\"2024-10-14T16:50:31+00:00\",\"dateModified\":\"2024-10-15T08:55:16+00:00\",\"breadcrumb\":{\"@id\":\"https:\/\/www.finquesmigdia.es\/es\/property\/nave-industrial-de-1002m2-con-parcela-de-1902m2-en-celra-girona\/#breadcrumb\"},\"inLanguage\":\"es\",\"potentialAction\":[{\"@type\":\"ReadAction\",\"target\":[\"https:\/\/www.finquesmigdia.es\/es\/property\/nave-industrial-de-1002m2-con-parcela-de-1902m2-en-celra-girona\/\"]}]},{\"@type\":\"BreadcrumbList\",\"@id\":\"https:\/\/www.finquesmigdia.es\/es\/property\/nave-industrial-de-1002m2-con-parcela-de-1902m2-en-celra-girona\/#breadcrumb\",\"itemListElement\":[{\"@type\":\"ListItem\",\"position\":1,\"name\":\"Home\",\"item\":\"https:\/\/www.finquesmigdia.es\/es\/home\/\"},{\"@type\":\"ListItem\",\"position\":2,\"name\":\"Propiedades\",\"item\":\"https:\/\/www.finquesmigdia.es\/es\/property\/\"},{\"@type\":\"ListItem\",\"position\":3,\"name\":\"Nave industrial\",\"item\":\"https:\/\/www.finquesmigdia.es\/es\/property-type\/nave-industrial\/\"},{\"@type\":\"ListItem\",\"position\":4,\"name\":\"Nave industrial de 1002m2 con parcela de 1902m2 en Celr\u00e0, Girona\"}]},{\"@type\":\"WebSite\",\"@id\":\"https:\/\/www.finquesmigdia.es\/es\/#website\",\"url\":\"https:\/\/www.finquesmigdia.es\/es\/\",\"name\":\"Finques Migdia\",\"description\":\"\",\"publisher\":{\"@id\":\"https:\/\/www.finquesmigdia.es\/es\/#organization\"},\"potentialAction\":[{\"@type\":\"SearchAction\",\"target\":{\"@type\":\"EntryPoint\",\"urlTemplate\":\"https:\/\/www.finquesmigdia.es\/es\/?s={search_term_string}\"},\"query-input\":\"required name=search_term_string\"}],\"inLanguage\":\"es\"},{\"@type\":\"Organization\",\"@id\":\"https:\/\/www.finquesmigdia.es\/es\/#organization\",\"name\":\"Finques Migdia\",\"url\":\"https:\/\/www.finquesmigdia.es\/es\/\",\"logo\":{\"@type\":\"ImageObject\",\"inLanguage\":\"es\",\"@id\":\"https:\/\/www.finquesmigdia.es\/es\/#\/schema\/logo\/image\/\",\"url\":\"https:\/\/www.finquesmigdia.es\/wp-content\/uploads\/2023\/09\/logo_finquesmigdia.png\",\"contentUrl\":\"https:\/\/www.finquesmigdia.es\/wp-content\/uploads\/2023\/09\/logo_finquesmigdia.png\",\"width\":1317,\"height\":318,\"caption\":\"Finques Migdia\"},\"image\":{\"@id\":\"https:\/\/www.finquesmigdia.es\/es\/#\/schema\/logo\/image\/\"}}]}<\/script>\n<!-- \/ Yoast SEO plugin. -->","yoast_head_json":{"title":"Nave industrial de 1002m2 con parcela de 1902m2 en Celr\u00e0, Girona - Finques Migdia","robots":{"index":"index","follow":"follow","max-snippet":"max-snippet:-1","max-image-preview":"max-image-preview:large","max-video-preview":"max-video-preview:-1"},"canonical":"https:\/\/www.finquesmigdia.es\/es\/property\/nave-industrial-de-1002m2-con-parcela-de-1902m2-en-celra-girona\/","og_locale":"es_ES","og_type":"article","og_title":"Nave industrial de 1002m2 con parcela de 1902m2 en Celr\u00e0, Girona - Finques Migdia","og_description":"Nave industrial ubicada en el pol\u00edgono Industrial de celr\u00e1, Girona, con una superficie construida de 1002m2 y una parcela gr\u00e1fica de 1902m2. Construida de 1002m2. Construida en 1991, esta nave ofrece un espacio di\u00e1fande 780m2 en la planta baja, perfecta para actividades industriales. Adem\u00e1s dispone de dos puertas de acceso y una oficina de 111m2. [&hellip;]","og_url":"https:\/\/www.finquesmigdia.es\/es\/property\/nave-industrial-de-1002m2-con-parcela-de-1902m2-en-celra-girona\/","og_site_name":"Finques Migdia","article_modified_time":"2024-10-15T08:55:16+00:00","og_image":[{"width":1024,"height":768,"url":"https:\/\/www.finquesmigdia.es\/wp-content\/uploads\/2024\/10\/6810b-1024x768.jpg","type":"image\/jpeg"}],"twitter_card":"summary_large_image","schema":{"@context":"https:\/\/schema.org","@graph":[{"@type":"WebPage","@id":"https:\/\/www.finquesmigdia.es\/es\/property\/nave-industrial-de-1002m2-con-parcela-de-1902m2-en-celra-girona\/","url":"https:\/\/www.finquesmigdia.es\/es\/property\/nave-industrial-de-1002m2-con-parcela-de-1902m2-en-celra-girona\/","name":"Nave industrial de 1002m2 con parcela de 1902m2 en Celr\u00e0, Girona - Finques Migdia","isPartOf":{"@id":"https:\/\/www.finquesmigdia.es\/es\/#website"},"datePublished":"2024-10-14T16:50:31+00:00","dateModified":"2024-10-15T08:55:16+00:00","breadcrumb":{"@id":"https:\/\/www.finquesmigdia.es\/es\/property\/nave-industrial-de-1002m2-con-parcela-de-1902m2-en-celra-girona\/#breadcrumb"},"inLanguage":"es","potentialAction":[{"@type":"ReadAction","target":["https:\/\/www.finquesmigdia.es\/es\/property\/nave-industrial-de-1002m2-con-parcela-de-1902m2-en-celra-girona\/"]}]},{"@type":"BreadcrumbList","@id":"https:\/\/www.finquesmigdia.es\/es\/property\/nave-industrial-de-1002m2-con-parcela-de-1902m2-en-celra-girona\/#breadcrumb","itemListElement":[{"@type":"ListItem","position":1,"name":"Home","item":"https:\/\/www.finquesmigdia.es\/es\/home\/"},{"@type":"ListItem","position":2,"name":"Propiedades","item":"https:\/\/www.finquesmigdia.es\/es\/property\/"},{"@type":"ListItem","position":3,"name":"Nave industrial","item":"https:\/\/www.finquesmigdia.es\/es\/property-type\/nave-industrial\/"},{"@type":"ListItem","position":4,"name":"Nave industrial de 1002m2 con parcela de 1902m2 en Celr\u00e0, Girona"}]},{"@type":"WebSite","@id":"https:\/\/www.finquesmigdia.es\/es\/#website","url":"https:\/\/www.finquesmigdia.es\/es\/","name":"Finques Migdia","description":"","publisher":{"@id":"https:\/\/www.finquesmigdia.es\/es\/#organization"},"potentialAction":[{"@type":"SearchAction","target":{"@type":"EntryPoint","urlTemplate":"https:\/\/www.finquesmigdia.es\/es\/?s={search_term_string}"},"query-input":"required name=search_term_string"}],"inLanguage":"es"},{"@type":"Organization","@id":"https:\/\/www.finquesmigdia.es\/es\/#organization","name":"Finques Migdia","url":"https:\/\/www.finquesmigdia.es\/es\/","logo":{"@type":"ImageObject","inLanguage":"es","@id":"https:\/\/www.finquesmigdia.es\/es\/#\/schema\/logo\/image\/","url":"https:\/\/www.finquesmigdia.es\/wp-content\/uploads\/2023\/09\/logo_finquesmigdia.png","contentUrl":"https:\/\/www.finquesmigdia.es\/wp-content\/uploads\/2023\/09\/logo_finquesmigdia.png","width":1317,"height":318,"caption":"Finques Migdia"},"image":{"@id":"https:\/\/www.finquesmigdia.es\/es\/#\/schema\/logo\/image\/"}}]}},"_links":{"self":[{"href":"https:\/\/www.finquesmigdia.es\/es\/wp-json\/wp\/v2\/properties\/6101","targetHints":{"allow":["GET"]}}],"collection":[{"href":"https:\/\/www.finquesmigdia.es\/es\/wp-json\/wp\/v2\/properties"}],"about":[{"href":"https:\/\/www.finquesmigdia.es\/es\/wp-json\/wp\/v2\/types\/property"}],"author":[{"embeddable":true,"href":"https:\/\/www.finquesmigdia.es\/es\/wp-json\/wp\/v2\/users\/4"}],"version-history":[{"count":1,"href":"https:\/\/www.finquesmigdia.es\/es\/wp-json\/wp\/v2\/properties\/6101\/revisions"}],"predecessor-version":[{"id":6102,"href":"https:\/\/www.finquesmigdia.es\/es\/wp-json\/wp\/v2\/properties\/6101\/revisions\/6102"}],"wp:featuredmedia":[{"embeddable":true,"href":"https:\/\/www.finquesmigdia.es\/es\/wp-json\/wp\/v2\/media\/6090"}],"wp:attachment":[{"href":"https:\/\/www.finquesmigdia.es\/es\/wp-json\/wp\/v2\/media?parent=6101"}],"wp:term":[{"taxonomy":"property_type","embeddable":true,"href":"https:\/\/www.finquesmigdia.es\/es\/wp-json\/wp\/v2\/property_type?post=6101"},{"taxonomy":"property_status","embeddable":true,"href":"https:\/\/www.finquesmigdia.es\/es\/wp-json\/wp\/v2\/property_status?post=6101"},{"taxonomy":"property_feature","embeddable":true,"href":"https:\/\/www.finquesmigdia.es\/es\/wp-json\/wp\/v2\/property_feature?post=6101"},{"taxonomy":"property_label","embeddable":true,"href":"https:\/\/www.finquesmigdia.es\/es\/wp-json\/wp\/v2\/property_label?post=6101"},{"taxonomy":"property_country","embeddable":true,"href":"https:\/\/www.finquesmigdia.es\/es\/wp-json\/wp\/v2\/property_country?post=6101"},{"taxonomy":"property_state","embeddable":true,"href":"https:\/\/www.finquesmigdia.es\/es\/wp-json\/wp\/v2\/property_state?post=6101"},{"taxonomy":"property_city","embeddable":true,"href":"https:\/\/www.finquesmigdia.es\/es\/wp-json\/wp\/v2\/property_city?post=6101"},{"taxonomy":"property_area","embeddable":true,"href":"https:\/\/www.finquesmigdia.es\/es\/wp-json\/wp\/v2\/property_area?post=6101"}],"curies":[{"name":"wp","href":"https:\/\/api.w.org\/{rel}","templated":true}]}}