{"id":3903,"date":"2024-01-22T17:14:49","date_gmt":"2024-01-22T16:14:49","guid":{"rendered":"https:\/\/www.finquesmigdia.es\/property\/apartamento-en-platja-daro-piscina-jardin-y-vistas\/"},"modified":"2024-10-24T10:10:36","modified_gmt":"2024-10-24T08:10:36","slug":"apartamento-en-platja-daro-piscina-jardin-y-vistas","status":"publish","type":"property","link":"https:\/\/www.finquesmigdia.es\/es\/property\/apartamento-en-platja-daro-piscina-jardin-y-vistas\/","title":{"rendered":"Apartamento en Platja d&#8217;Aro, piscina, jard\u00edn y vistas"},"content":{"rendered":"\n<p>En Playa de Aro, apartamento, totalmente reformado de 47 m2.<br\/> Cocina-comedor-estar, terraza con vistas a zona comunitaria ya la monta\u00f1a,<br\/> habitaci\u00f3n doble con vistas al mar y ba\u00f1o completo.<\/p>\n\n<p>Armario empotrado, aire acondicionado y suelo de parquet<br\/> Jard\u00edn y piscina comunitaria.<br\/> Zona, tranquila a 3 minutos de la Cala del Pi ya 5 del paseo mar\u00edtimo y del<br\/> centro comercial.<\/p>\n","protected":false},"excerpt":{"rendered":"<p>En Playa de Aro, apartamento, totalmente reformado de 47 m2. Cocina-comedor-estar, terraza con vistas a zona comunitaria ya la monta\u00f1a, habitaci\u00f3n doble con vistas al mar y ba\u00f1o completo. Armario empotrado, aire acondicionado y suelo de parquet Jard\u00edn y piscina comunitaria. Zona, tranquila a 3 minutos de la Cala del Pi ya 5 del paseo [&hellip;]<\/p>\n","protected":false},"author":4,"featured_media":3901,"parent":0,"menu_order":0,"template":"","property_type":[],"property_status":[50],"property_feature":[],"property_label":[],"property_country":[],"property_state":[],"property_city":[],"property_area":[139],"class_list":["post-3903","property","type-property","status-publish","has-post-thumbnail","hentry","property_status-venta","property_area-playa-de-aro"],"property_meta":{"fave_featured":["0"],"houzez_featured_listing_date":[""],"fave_property_images":["3886","3848","3842","3844","3852","3850","3890","3872","3858","3898","3894","3860","3862","3888","3864","3866","3868","3870","3892","3856","3880","3854","3884","3876","3882","3878","3900"],"fave_single_top_area":["global"],"fave_single_content_area":["global"],"_top_nav_excluded":[""],"_cms_nav_minihome":[""],"houzez_geolocation_lat":["41.972746304699"],"houzez_geolocation_long":["2.8203580348798"],"_thumbnail_id":["3901"],"_last_translation_edit_mode":["translation-editor"],"houzez_manual_expire":["0"],"_houzez_expiration_date_status":["saved"],"_yoast_wpseo_primary_property_type":[""],"_yoast_wpseo_primary_property_status":["25"],"_yoast_wpseo_primary_property_feature":[""],"_yoast_wpseo_primary_property_label":[""],"_yoast_wpseo_primary_property_country":[""],"_yoast_wpseo_primary_property_state":[""],"_yoast_wpseo_primary_property_city":[""],"_yoast_wpseo_primary_property_area":["138"],"houzez_total_property_views":["845"],"houzez_views_by_date":["a:61:{s:10:\"01-26-2026\";i:1;s:10:\"01-27-2026\";i:1;s:10:\"01-29-2026\";i:1;s:10:\"01-30-2026\";i:3;s:10:\"01-31-2026\";i:2;s:10:\"02-01-2026\";i:2;s:10:\"02-03-2026\";i:2;s:10:\"02-05-2026\";i:2;s:10:\"02-06-2026\";i:2;s:10:\"02-07-2026\";i:3;s:10:\"02-08-2026\";i:3;s:10:\"02-09-2026\";i:1;s:10:\"02-10-2026\";i:1;s:10:\"02-11-2026\";i:1;s:10:\"02-12-2026\";i:1;s:10:\"02-13-2026\";i:1;s:10:\"02-16-2026\";i:3;s:10:\"02-17-2026\";i:3;s:10:\"02-18-2026\";i:2;s:10:\"02-19-2026\";i:2;s:10:\"02-20-2026\";i:4;s:10:\"02-22-2026\";i:1;s:10:\"02-23-2026\";i:3;s:10:\"02-25-2026\";i:1;s:10:\"02-26-2026\";i:1;s:10:\"02-27-2026\";i:8;s:10:\"03-03-2026\";i:2;s:10:\"03-05-2026\";i:1;s:10:\"03-10-2026\";i:2;s:10:\"03-12-2026\";i:5;s:10:\"03-14-2026\";i:2;s:10:\"03-15-2026\";i:1;s:10:\"03-16-2026\";i:1;s:10:\"03-19-2026\";i:2;s:10:\"03-20-2026\";i:8;s:10:\"03-21-2026\";i:2;s:10:\"03-22-2026\";i:2;s:10:\"03-23-2026\";i:1;s:10:\"03-27-2026\";i:1;s:10:\"03-28-2026\";i:1;s:10:\"03-30-2026\";i:2;s:10:\"03-31-2026\";i:1;s:10:\"04-02-2026\";i:1;s:10:\"04-03-2026\";i:1;s:10:\"04-04-2026\";i:1;s:10:\"04-08-2026\";i:2;s:10:\"04-09-2026\";i:3;s:10:\"04-10-2026\";i:4;s:10:\"04-11-2026\";i:4;s:10:\"04-12-2026\";i:2;s:10:\"04-13-2026\";i:3;s:10:\"04-15-2026\";i:3;s:10:\"04-16-2026\";i:3;s:10:\"04-18-2026\";i:2;s:10:\"04-19-2026\";i:1;s:10:\"04-22-2026\";i:1;s:10:\"04-23-2026\";i:2;s:10:\"04-25-2026\";i:3;s:10:\"04-26-2026\";i:1;s:10:\"04-29-2026\";i:4;s:10:\"04-30-2026\";i:4;}"],"houzez_recently_viewed":["2026-04-30 07:07:05"],"fave_property_price":["185000"],"fave_property_size":["47"],"fave_property_bedrooms":["1"],"fave_property_bathrooms":["1"],"fave_property_id":["6508"],"fave_property_map":["1"],"fave_property_location":["41.972746304699,2.8203580348798,15"],"fave_property_map_street_view":["hide"],"fave_agent_display_option":["author_info"],"fave_prop_homeslider":["no"],"additional_features":["a:1:{i:0;a:2:{s:29:\"fave_additional_feature_title\";s:1:\"E\";s:29:\"fave_additional_feature_value\";s:2:\"46\";}}"]},"yoast_head":"<!-- This site is optimized with the Yoast SEO plugin v21.5 - https:\/\/yoast.com\/wordpress\/plugins\/seo\/ -->\n<title>Apartamento en Platja d&#039;Aro, piscina, jard\u00edn y vistas - Finques Migdia<\/title>\n<meta name=\"robots\" content=\"index, follow, max-snippet:-1, max-image-preview:large, max-video-preview:-1\" \/>\n<link rel=\"canonical\" href=\"https:\/\/www.finquesmigdia.es\/es\/property\/apartamento-en-platja-daro-piscina-jardin-y-vistas\/\" \/>\n<meta property=\"og:locale\" content=\"es_ES\" \/>\n<meta property=\"og:type\" content=\"article\" \/>\n<meta property=\"og:title\" content=\"Apartamento en Platja d&#039;Aro, piscina, jard\u00edn y vistas - Finques Migdia\" \/>\n<meta property=\"og:description\" content=\"En Playa de Aro, apartamento, totalmente reformado de 47 m2. Cocina-comedor-estar, terraza con vistas a zona comunitaria ya la monta\u00f1a, habitaci\u00f3n doble con vistas al mar y ba\u00f1o completo. Armario empotrado, aire acondicionado y suelo de parquet Jard\u00edn y piscina comunitaria. Zona, tranquila a 3 minutos de la Cala del Pi ya 5 del paseo [&hellip;]\" \/>\n<meta property=\"og:url\" content=\"https:\/\/www.finquesmigdia.es\/es\/property\/apartamento-en-platja-daro-piscina-jardin-y-vistas\/\" \/>\n<meta property=\"og:site_name\" content=\"Finques Migdia\" \/>\n<meta property=\"article:modified_time\" content=\"2024-10-24T08:10:36+00:00\" \/>\n<meta property=\"og:image\" content=\"https:\/\/www.finquesmigdia.es\/wp-content\/uploads\/2024\/01\/6508zz.jpg\" \/>\n\t<meta property=\"og:image:width\" content=\"640\" \/>\n\t<meta property=\"og:image:height\" content=\"480\" \/>\n\t<meta property=\"og:image:type\" content=\"image\/jpeg\" \/>\n<meta name=\"twitter:card\" content=\"summary_large_image\" \/>\n<script type=\"application\/ld+json\" class=\"yoast-schema-graph\">{\"@context\":\"https:\/\/schema.org\",\"@graph\":[{\"@type\":\"WebPage\",\"@id\":\"https:\/\/www.finquesmigdia.es\/es\/property\/apartamento-en-platja-daro-piscina-jardin-y-vistas\/\",\"url\":\"https:\/\/www.finquesmigdia.es\/es\/property\/apartamento-en-platja-daro-piscina-jardin-y-vistas\/\",\"name\":\"Apartamento en Platja d'Aro, piscina, jard\u00edn y vistas - Finques Migdia\",\"isPartOf\":{\"@id\":\"https:\/\/www.finquesmigdia.es\/es\/#website\"},\"datePublished\":\"2024-01-22T16:14:49+00:00\",\"dateModified\":\"2024-10-24T08:10:36+00:00\",\"breadcrumb\":{\"@id\":\"https:\/\/www.finquesmigdia.es\/es\/property\/apartamento-en-platja-daro-piscina-jardin-y-vistas\/#breadcrumb\"},\"inLanguage\":\"es\",\"potentialAction\":[{\"@type\":\"ReadAction\",\"target\":[\"https:\/\/www.finquesmigdia.es\/es\/property\/apartamento-en-platja-daro-piscina-jardin-y-vistas\/\"]}]},{\"@type\":\"BreadcrumbList\",\"@id\":\"https:\/\/www.finquesmigdia.es\/es\/property\/apartamento-en-platja-daro-piscina-jardin-y-vistas\/#breadcrumb\",\"itemListElement\":[{\"@type\":\"ListItem\",\"position\":1,\"name\":\"Home\",\"item\":\"https:\/\/www.finquesmigdia.es\/es\/home\/\"},{\"@type\":\"ListItem\",\"position\":2,\"name\":\"Propiedades\",\"item\":\"https:\/\/www.finquesmigdia.es\/es\/property\/\"},{\"@type\":\"ListItem\",\"position\":3,\"name\":\"Apartamento en Platja d&#8217;Aro, piscina, jard\u00edn y vistas\"}]},{\"@type\":\"WebSite\",\"@id\":\"https:\/\/www.finquesmigdia.es\/es\/#website\",\"url\":\"https:\/\/www.finquesmigdia.es\/es\/\",\"name\":\"Finques Migdia\",\"description\":\"\",\"publisher\":{\"@id\":\"https:\/\/www.finquesmigdia.es\/es\/#organization\"},\"potentialAction\":[{\"@type\":\"SearchAction\",\"target\":{\"@type\":\"EntryPoint\",\"urlTemplate\":\"https:\/\/www.finquesmigdia.es\/es\/?s={search_term_string}\"},\"query-input\":\"required name=search_term_string\"}],\"inLanguage\":\"es\"},{\"@type\":\"Organization\",\"@id\":\"https:\/\/www.finquesmigdia.es\/es\/#organization\",\"name\":\"Finques Migdia\",\"url\":\"https:\/\/www.finquesmigdia.es\/es\/\",\"logo\":{\"@type\":\"ImageObject\",\"inLanguage\":\"es\",\"@id\":\"https:\/\/www.finquesmigdia.es\/es\/#\/schema\/logo\/image\/\",\"url\":\"https:\/\/www.finquesmigdia.es\/wp-content\/uploads\/2023\/09\/logo_finquesmigdia.png\",\"contentUrl\":\"https:\/\/www.finquesmigdia.es\/wp-content\/uploads\/2023\/09\/logo_finquesmigdia.png\",\"width\":1317,\"height\":318,\"caption\":\"Finques Migdia\"},\"image\":{\"@id\":\"https:\/\/www.finquesmigdia.es\/es\/#\/schema\/logo\/image\/\"}}]}<\/script>\n<!-- \/ Yoast SEO plugin. -->","yoast_head_json":{"title":"Apartamento en Platja d'Aro, piscina, jard\u00edn y vistas - Finques Migdia","robots":{"index":"index","follow":"follow","max-snippet":"max-snippet:-1","max-image-preview":"max-image-preview:large","max-video-preview":"max-video-preview:-1"},"canonical":"https:\/\/www.finquesmigdia.es\/es\/property\/apartamento-en-platja-daro-piscina-jardin-y-vistas\/","og_locale":"es_ES","og_type":"article","og_title":"Apartamento en Platja d'Aro, piscina, jard\u00edn y vistas - Finques Migdia","og_description":"En Playa de Aro, apartamento, totalmente reformado de 47 m2. Cocina-comedor-estar, terraza con vistas a zona comunitaria ya la monta\u00f1a, habitaci\u00f3n doble con vistas al mar y ba\u00f1o completo. Armario empotrado, aire acondicionado y suelo de parquet Jard\u00edn y piscina comunitaria. Zona, tranquila a 3 minutos de la Cala del Pi ya 5 del paseo [&hellip;]","og_url":"https:\/\/www.finquesmigdia.es\/es\/property\/apartamento-en-platja-daro-piscina-jardin-y-vistas\/","og_site_name":"Finques Migdia","article_modified_time":"2024-10-24T08:10:36+00:00","og_image":[{"width":640,"height":480,"url":"https:\/\/www.finquesmigdia.es\/wp-content\/uploads\/2024\/01\/6508zz.jpg","type":"image\/jpeg"}],"twitter_card":"summary_large_image","schema":{"@context":"https:\/\/schema.org","@graph":[{"@type":"WebPage","@id":"https:\/\/www.finquesmigdia.es\/es\/property\/apartamento-en-platja-daro-piscina-jardin-y-vistas\/","url":"https:\/\/www.finquesmigdia.es\/es\/property\/apartamento-en-platja-daro-piscina-jardin-y-vistas\/","name":"Apartamento en Platja d'Aro, piscina, jard\u00edn y vistas - Finques Migdia","isPartOf":{"@id":"https:\/\/www.finquesmigdia.es\/es\/#website"},"datePublished":"2024-01-22T16:14:49+00:00","dateModified":"2024-10-24T08:10:36+00:00","breadcrumb":{"@id":"https:\/\/www.finquesmigdia.es\/es\/property\/apartamento-en-platja-daro-piscina-jardin-y-vistas\/#breadcrumb"},"inLanguage":"es","potentialAction":[{"@type":"ReadAction","target":["https:\/\/www.finquesmigdia.es\/es\/property\/apartamento-en-platja-daro-piscina-jardin-y-vistas\/"]}]},{"@type":"BreadcrumbList","@id":"https:\/\/www.finquesmigdia.es\/es\/property\/apartamento-en-platja-daro-piscina-jardin-y-vistas\/#breadcrumb","itemListElement":[{"@type":"ListItem","position":1,"name":"Home","item":"https:\/\/www.finquesmigdia.es\/es\/home\/"},{"@type":"ListItem","position":2,"name":"Propiedades","item":"https:\/\/www.finquesmigdia.es\/es\/property\/"},{"@type":"ListItem","position":3,"name":"Apartamento en Platja d&#8217;Aro, piscina, jard\u00edn y vistas"}]},{"@type":"WebSite","@id":"https:\/\/www.finquesmigdia.es\/es\/#website","url":"https:\/\/www.finquesmigdia.es\/es\/","name":"Finques Migdia","description":"","publisher":{"@id":"https:\/\/www.finquesmigdia.es\/es\/#organization"},"potentialAction":[{"@type":"SearchAction","target":{"@type":"EntryPoint","urlTemplate":"https:\/\/www.finquesmigdia.es\/es\/?s={search_term_string}"},"query-input":"required name=search_term_string"}],"inLanguage":"es"},{"@type":"Organization","@id":"https:\/\/www.finquesmigdia.es\/es\/#organization","name":"Finques Migdia","url":"https:\/\/www.finquesmigdia.es\/es\/","logo":{"@type":"ImageObject","inLanguage":"es","@id":"https:\/\/www.finquesmigdia.es\/es\/#\/schema\/logo\/image\/","url":"https:\/\/www.finquesmigdia.es\/wp-content\/uploads\/2023\/09\/logo_finquesmigdia.png","contentUrl":"https:\/\/www.finquesmigdia.es\/wp-content\/uploads\/2023\/09\/logo_finquesmigdia.png","width":1317,"height":318,"caption":"Finques Migdia"},"image":{"@id":"https:\/\/www.finquesmigdia.es\/es\/#\/schema\/logo\/image\/"}}]}},"_links":{"self":[{"href":"https:\/\/www.finquesmigdia.es\/es\/wp-json\/wp\/v2\/properties\/3903","targetHints":{"allow":["GET"]}}],"collection":[{"href":"https:\/\/www.finquesmigdia.es\/es\/wp-json\/wp\/v2\/properties"}],"about":[{"href":"https:\/\/www.finquesmigdia.es\/es\/wp-json\/wp\/v2\/types\/property"}],"author":[{"embeddable":true,"href":"https:\/\/www.finquesmigdia.es\/es\/wp-json\/wp\/v2\/users\/4"}],"version-history":[{"count":6,"href":"https:\/\/www.finquesmigdia.es\/es\/wp-json\/wp\/v2\/properties\/3903\/revisions"}],"predecessor-version":[{"id":6225,"href":"https:\/\/www.finquesmigdia.es\/es\/wp-json\/wp\/v2\/properties\/3903\/revisions\/6225"}],"wp:featuredmedia":[{"embeddable":true,"href":"https:\/\/www.finquesmigdia.es\/es\/wp-json\/wp\/v2\/media\/3901"}],"wp:attachment":[{"href":"https:\/\/www.finquesmigdia.es\/es\/wp-json\/wp\/v2\/media?parent=3903"}],"wp:term":[{"taxonomy":"property_type","embeddable":true,"href":"https:\/\/www.finquesmigdia.es\/es\/wp-json\/wp\/v2\/property_type?post=3903"},{"taxonomy":"property_status","embeddable":true,"href":"https:\/\/www.finquesmigdia.es\/es\/wp-json\/wp\/v2\/property_status?post=3903"},{"taxonomy":"property_feature","embeddable":true,"href":"https:\/\/www.finquesmigdia.es\/es\/wp-json\/wp\/v2\/property_feature?post=3903"},{"taxonomy":"property_label","embeddable":true,"href":"https:\/\/www.finquesmigdia.es\/es\/wp-json\/wp\/v2\/property_label?post=3903"},{"taxonomy":"property_country","embeddable":true,"href":"https:\/\/www.finquesmigdia.es\/es\/wp-json\/wp\/v2\/property_country?post=3903"},{"taxonomy":"property_state","embeddable":true,"href":"https:\/\/www.finquesmigdia.es\/es\/wp-json\/wp\/v2\/property_state?post=3903"},{"taxonomy":"property_city","embeddable":true,"href":"https:\/\/www.finquesmigdia.es\/es\/wp-json\/wp\/v2\/property_city?post=3903"},{"taxonomy":"property_area","embeddable":true,"href":"https:\/\/www.finquesmigdia.es\/es\/wp-json\/wp\/v2\/property_area?post=3903"}],"curies":[{"name":"wp","href":"https:\/\/api.w.org\/{rel}","templated":true}]}}