{"id":2157,"date":"2023-10-03T11:24:18","date_gmt":"2023-10-03T09:24:18","guid":{"rendered":"https:\/\/new.finquesmigdia.es\/property\/piso-en-girona-zona-centro-3\/"},"modified":"2023-10-05T11:52:36","modified_gmt":"2023-10-05T09:52:36","slug":"piso-en-girona-zona-centro-3","status":"publish","type":"property","link":"https:\/\/www.finquesmigdia.es\/es\/property\/piso-en-girona-zona-centro-3\/","title":{"rendered":"Piso en Girona. Zona Centro."},"content":{"rendered":"\n<p>Piso cantonero, con vistas, al centro de Girona, con 2 puertas de acceso al piso, de 119 m2. construidos . Sala de estar comedor, cocina office con despensa, 4 habitaciones exteriores, (2 dobles), 2 ba\u00f1os completos, terraza, balc\u00f3n, lavadero y opci\u00f3n a parking. Suelo de gres, armarios empotrados, calefacci\u00f3n de gas, aire acondicionado. Zona comercial, colegios y a 2 minutos de la estaci\u00f3n. El precio no incluye el parking.<\/p>\n","protected":false},"excerpt":{"rendered":"<p>Piso cantonero, con vistas, al centro de Girona, con 2 puertas de acceso al piso, de 119 m2. construidos . Sala de estar comedor, cocina office con despensa, 4 habitaciones exteriores, (2 dobles), 2 ba\u00f1os completos, terraza, balc\u00f3n, lavadero y opci\u00f3n a parking. Suelo de gres, armarios empotrados, calefacci\u00f3n de gas, aire acondicionado. Zona comercial, [&hellip;]<\/p>\n","protected":false},"author":4,"featured_media":1848,"parent":0,"menu_order":0,"template":"","property_type":[39],"property_status":[50],"property_feature":[48,49,58,106],"property_label":[],"property_country":[],"property_state":[],"property_city":[51],"property_area":[103],"class_list":["post-2157","property","type-property","status-publish","has-post-thumbnail","hentry","property_type-piso","property_status-venta","property_feature-aire-acondicionado","property_feature-ascensor-es","property_feature-lavador","property_feature-terraza","property_city-girona-es","property_area-zona-7-centre-es"],"property_meta":{"fave_featured":["0"],"houzez_featured_listing_date":[""],"fave_property_images":["1845","1847","1849","1851","1800","1802","1804","1806","1808","1810","1812","1814","1816","1818","1820","1822","1824","1826","1829","1831","1833","1835","1837","1839","1841","1843"],"fave_single_top_area":["global"],"fave_single_content_area":["global"],"_top_nav_excluded":[""],"_cms_nav_minihome":[""],"houzez_geolocation_lat":["41.972746304699"],"houzez_geolocation_long":["2.8203580348798"],"_thumbnail_id":["1848"],"_last_translation_edit_mode":["translation-editor"],"fave_property_price":["380000"],"fave_property_size":["119"],"fave_property_bedrooms":["4"],"fave_property_bathrooms":["2"],"fave_property_garage":["opcional"],"fave_property_id":["6710"],"fave_property_map":["1"],"fave_property_location":["41.972746304699,2.8203580348798,15"],"fave_property_map_street_view":["hide"],"fave_agent_display_option":["author_info"],"fave_prop_homeslider":["no"],"additional_features":["a:2:{i:0;a:2:{s:29:\"fave_additional_feature_title\";s:12:\"Calefacci\u00f3n\";s:29:\"fave_additional_feature_value\";s:3:\"Gas\";}i:1;a:2:{s:29:\"fave_additional_feature_title\";s:5:\"Suelo\";s:29:\"fave_additional_feature_value\";s:4:\"Gres\";}}"],"houzez_total_property_views":["689"],"houzez_views_by_date":["a:61:{s:10:\"01-30-2026\";i:3;s:10:\"01-31-2026\";i:3;s:10:\"02-01-2026\";i:3;s:10:\"02-03-2026\";i:4;s:10:\"02-04-2026\";i:1;s:10:\"02-05-2026\";i:2;s:10:\"02-07-2026\";i:1;s:10:\"02-08-2026\";i:3;s:10:\"02-09-2026\";i:1;s:10:\"02-11-2026\";i:3;s:10:\"02-13-2026\";i:2;s:10:\"02-14-2026\";i:1;s:10:\"02-15-2026\";i:1;s:10:\"02-16-2026\";i:6;s:10:\"02-17-2026\";i:4;s:10:\"02-18-2026\";i:3;s:10:\"02-19-2026\";i:2;s:10:\"02-20-2026\";i:1;s:10:\"02-21-2026\";i:1;s:10:\"02-22-2026\";i:2;s:10:\"02-23-2026\";i:3;s:10:\"02-25-2026\";i:1;s:10:\"02-27-2026\";i:2;s:10:\"02-28-2026\";i:1;s:10:\"03-02-2026\";i:1;s:10:\"03-10-2026\";i:1;s:10:\"03-11-2026\";i:3;s:10:\"03-12-2026\";i:3;s:10:\"03-14-2026\";i:2;s:10:\"03-15-2026\";i:1;s:10:\"03-17-2026\";i:1;s:10:\"03-20-2026\";i:1;s:10:\"03-21-2026\";i:3;s:10:\"03-22-2026\";i:2;s:10:\"03-24-2026\";i:1;s:10:\"03-25-2026\";i:4;s:10:\"03-26-2026\";i:2;s:10:\"03-27-2026\";i:1;s:10:\"03-28-2026\";i:1;s:10:\"03-30-2026\";i:5;s:10:\"04-02-2026\";i:1;s:10:\"04-03-2026\";i:1;s:10:\"04-04-2026\";i:1;s:10:\"04-08-2026\";i:1;s:10:\"04-09-2026\";i:1;s:10:\"04-10-2026\";i:3;s:10:\"04-11-2026\";i:2;s:10:\"04-12-2026\";i:2;s:10:\"04-13-2026\";i:4;s:10:\"04-15-2026\";i:2;s:10:\"04-17-2026\";i:1;s:10:\"04-18-2026\";i:2;s:10:\"04-19-2026\";i:4;s:10:\"04-22-2026\";i:3;s:10:\"04-23-2026\";i:1;s:10:\"04-25-2026\";i:3;s:10:\"04-26-2026\";i:1;s:10:\"04-27-2026\";i:1;s:10:\"04-28-2026\";i:1;s:10:\"04-29-2026\";i:1;s:10:\"04-30-2026\";i:2;}"],"houzez_recently_viewed":["2026-04-30 07:27:30"]},"yoast_head":"<!-- This site is optimized with the Yoast SEO plugin v21.5 - https:\/\/yoast.com\/wordpress\/plugins\/seo\/ -->\n<title>Piso en Girona. Zona Centro. - Finques Migdia<\/title>\n<meta name=\"robots\" content=\"index, follow, max-snippet:-1, max-image-preview:large, max-video-preview:-1\" \/>\n<link rel=\"canonical\" href=\"https:\/\/www.finquesmigdia.es\/es\/property\/piso-en-girona-zona-centro-3\/\" \/>\n<meta property=\"og:locale\" content=\"es_ES\" \/>\n<meta property=\"og:type\" content=\"article\" \/>\n<meta property=\"og:title\" content=\"Piso en Girona. Zona Centro. - Finques Migdia\" \/>\n<meta property=\"og:description\" content=\"Piso cantonero, con vistas, al centro de Girona, con 2 puertas de acceso al piso, de 119 m2. construidos . Sala de estar comedor, cocina office con despensa, 4 habitaciones exteriores, (2 dobles), 2 ba\u00f1os completos, terraza, balc\u00f3n, lavadero y opci\u00f3n a parking. Suelo de gres, armarios empotrados, calefacci\u00f3n de gas, aire acondicionado. Zona comercial, [&hellip;]\" \/>\n<meta property=\"og:url\" content=\"https:\/\/www.finquesmigdia.es\/es\/property\/piso-en-girona-zona-centro-3\/\" \/>\n<meta property=\"og:site_name\" content=\"Finques Migdia\" \/>\n<meta property=\"article:modified_time\" content=\"2023-10-05T09:52:36+00:00\" \/>\n<meta property=\"og:image\" content=\"https:\/\/www.finquesmigdia.es\/wp-content\/uploads\/2023\/10\/6710a-1024x768.jpg\" \/>\n\t<meta property=\"og:image:width\" content=\"1024\" \/>\n\t<meta property=\"og:image:height\" content=\"768\" \/>\n\t<meta property=\"og:image:type\" content=\"image\/jpeg\" \/>\n<meta name=\"twitter:card\" content=\"summary_large_image\" \/>\n<script type=\"application\/ld+json\" class=\"yoast-schema-graph\">{\"@context\":\"https:\/\/schema.org\",\"@graph\":[{\"@type\":\"WebPage\",\"@id\":\"https:\/\/www.finquesmigdia.es\/es\/property\/piso-en-girona-zona-centro-3\/\",\"url\":\"https:\/\/www.finquesmigdia.es\/es\/property\/piso-en-girona-zona-centro-3\/\",\"name\":\"Piso en Girona. Zona Centro. - Finques Migdia\",\"isPartOf\":{\"@id\":\"https:\/\/www.finquesmigdia.es\/es\/#website\"},\"datePublished\":\"2023-10-03T09:24:18+00:00\",\"dateModified\":\"2023-10-05T09:52:36+00:00\",\"breadcrumb\":{\"@id\":\"https:\/\/www.finquesmigdia.es\/es\/property\/piso-en-girona-zona-centro-3\/#breadcrumb\"},\"inLanguage\":\"es\",\"potentialAction\":[{\"@type\":\"ReadAction\",\"target\":[\"https:\/\/www.finquesmigdia.es\/es\/property\/piso-en-girona-zona-centro-3\/\"]}]},{\"@type\":\"BreadcrumbList\",\"@id\":\"https:\/\/www.finquesmigdia.es\/es\/property\/piso-en-girona-zona-centro-3\/#breadcrumb\",\"itemListElement\":[{\"@type\":\"ListItem\",\"position\":1,\"name\":\"Home\",\"item\":\"https:\/\/www.finquesmigdia.es\/es\/home\/\"},{\"@type\":\"ListItem\",\"position\":2,\"name\":\"Propiedades\",\"item\":\"https:\/\/www.finquesmigdia.es\/es\/property\/\"},{\"@type\":\"ListItem\",\"position\":3,\"name\":\"Piso\",\"item\":\"https:\/\/www.finquesmigdia.es\/es\/property-type\/piso\/\"},{\"@type\":\"ListItem\",\"position\":4,\"name\":\"Piso en Girona. Zona Centro.\"}]},{\"@type\":\"WebSite\",\"@id\":\"https:\/\/www.finquesmigdia.es\/es\/#website\",\"url\":\"https:\/\/www.finquesmigdia.es\/es\/\",\"name\":\"Finques Migdia\",\"description\":\"\",\"publisher\":{\"@id\":\"https:\/\/www.finquesmigdia.es\/es\/#organization\"},\"potentialAction\":[{\"@type\":\"SearchAction\",\"target\":{\"@type\":\"EntryPoint\",\"urlTemplate\":\"https:\/\/www.finquesmigdia.es\/es\/?s={search_term_string}\"},\"query-input\":\"required name=search_term_string\"}],\"inLanguage\":\"es\"},{\"@type\":\"Organization\",\"@id\":\"https:\/\/www.finquesmigdia.es\/es\/#organization\",\"name\":\"Finques Migdia\",\"url\":\"https:\/\/www.finquesmigdia.es\/es\/\",\"logo\":{\"@type\":\"ImageObject\",\"inLanguage\":\"es\",\"@id\":\"https:\/\/www.finquesmigdia.es\/es\/#\/schema\/logo\/image\/\",\"url\":\"https:\/\/www.finquesmigdia.es\/wp-content\/uploads\/2023\/09\/logo_finquesmigdia.png\",\"contentUrl\":\"https:\/\/www.finquesmigdia.es\/wp-content\/uploads\/2023\/09\/logo_finquesmigdia.png\",\"width\":1317,\"height\":318,\"caption\":\"Finques Migdia\"},\"image\":{\"@id\":\"https:\/\/www.finquesmigdia.es\/es\/#\/schema\/logo\/image\/\"}}]}<\/script>\n<!-- \/ Yoast SEO plugin. -->","yoast_head_json":{"title":"Piso en Girona. Zona Centro. - Finques Migdia","robots":{"index":"index","follow":"follow","max-snippet":"max-snippet:-1","max-image-preview":"max-image-preview:large","max-video-preview":"max-video-preview:-1"},"canonical":"https:\/\/www.finquesmigdia.es\/es\/property\/piso-en-girona-zona-centro-3\/","og_locale":"es_ES","og_type":"article","og_title":"Piso en Girona. Zona Centro. - Finques Migdia","og_description":"Piso cantonero, con vistas, al centro de Girona, con 2 puertas de acceso al piso, de 119 m2. construidos . Sala de estar comedor, cocina office con despensa, 4 habitaciones exteriores, (2 dobles), 2 ba\u00f1os completos, terraza, balc\u00f3n, lavadero y opci\u00f3n a parking. Suelo de gres, armarios empotrados, calefacci\u00f3n de gas, aire acondicionado. Zona comercial, [&hellip;]","og_url":"https:\/\/www.finquesmigdia.es\/es\/property\/piso-en-girona-zona-centro-3\/","og_site_name":"Finques Migdia","article_modified_time":"2023-10-05T09:52:36+00:00","og_image":[{"width":1024,"height":768,"url":"https:\/\/www.finquesmigdia.es\/wp-content\/uploads\/2023\/10\/6710a-1024x768.jpg","type":"image\/jpeg"}],"twitter_card":"summary_large_image","schema":{"@context":"https:\/\/schema.org","@graph":[{"@type":"WebPage","@id":"https:\/\/www.finquesmigdia.es\/es\/property\/piso-en-girona-zona-centro-3\/","url":"https:\/\/www.finquesmigdia.es\/es\/property\/piso-en-girona-zona-centro-3\/","name":"Piso en Girona. Zona Centro. - Finques Migdia","isPartOf":{"@id":"https:\/\/www.finquesmigdia.es\/es\/#website"},"datePublished":"2023-10-03T09:24:18+00:00","dateModified":"2023-10-05T09:52:36+00:00","breadcrumb":{"@id":"https:\/\/www.finquesmigdia.es\/es\/property\/piso-en-girona-zona-centro-3\/#breadcrumb"},"inLanguage":"es","potentialAction":[{"@type":"ReadAction","target":["https:\/\/www.finquesmigdia.es\/es\/property\/piso-en-girona-zona-centro-3\/"]}]},{"@type":"BreadcrumbList","@id":"https:\/\/www.finquesmigdia.es\/es\/property\/piso-en-girona-zona-centro-3\/#breadcrumb","itemListElement":[{"@type":"ListItem","position":1,"name":"Home","item":"https:\/\/www.finquesmigdia.es\/es\/home\/"},{"@type":"ListItem","position":2,"name":"Propiedades","item":"https:\/\/www.finquesmigdia.es\/es\/property\/"},{"@type":"ListItem","position":3,"name":"Piso","item":"https:\/\/www.finquesmigdia.es\/es\/property-type\/piso\/"},{"@type":"ListItem","position":4,"name":"Piso en Girona. Zona Centro."}]},{"@type":"WebSite","@id":"https:\/\/www.finquesmigdia.es\/es\/#website","url":"https:\/\/www.finquesmigdia.es\/es\/","name":"Finques Migdia","description":"","publisher":{"@id":"https:\/\/www.finquesmigdia.es\/es\/#organization"},"potentialAction":[{"@type":"SearchAction","target":{"@type":"EntryPoint","urlTemplate":"https:\/\/www.finquesmigdia.es\/es\/?s={search_term_string}"},"query-input":"required name=search_term_string"}],"inLanguage":"es"},{"@type":"Organization","@id":"https:\/\/www.finquesmigdia.es\/es\/#organization","name":"Finques Migdia","url":"https:\/\/www.finquesmigdia.es\/es\/","logo":{"@type":"ImageObject","inLanguage":"es","@id":"https:\/\/www.finquesmigdia.es\/es\/#\/schema\/logo\/image\/","url":"https:\/\/www.finquesmigdia.es\/wp-content\/uploads\/2023\/09\/logo_finquesmigdia.png","contentUrl":"https:\/\/www.finquesmigdia.es\/wp-content\/uploads\/2023\/09\/logo_finquesmigdia.png","width":1317,"height":318,"caption":"Finques Migdia"},"image":{"@id":"https:\/\/www.finquesmigdia.es\/es\/#\/schema\/logo\/image\/"}}]}},"_links":{"self":[{"href":"https:\/\/www.finquesmigdia.es\/es\/wp-json\/wp\/v2\/properties\/2157","targetHints":{"allow":["GET"]}}],"collection":[{"href":"https:\/\/www.finquesmigdia.es\/es\/wp-json\/wp\/v2\/properties"}],"about":[{"href":"https:\/\/www.finquesmigdia.es\/es\/wp-json\/wp\/v2\/types\/property"}],"author":[{"embeddable":true,"href":"https:\/\/www.finquesmigdia.es\/es\/wp-json\/wp\/v2\/users\/4"}],"version-history":[{"count":1,"href":"https:\/\/www.finquesmigdia.es\/es\/wp-json\/wp\/v2\/properties\/2157\/revisions"}],"predecessor-version":[{"id":2158,"href":"https:\/\/www.finquesmigdia.es\/es\/wp-json\/wp\/v2\/properties\/2157\/revisions\/2158"}],"wp:featuredmedia":[{"embeddable":true,"href":"https:\/\/www.finquesmigdia.es\/es\/wp-json\/wp\/v2\/media\/1848"}],"wp:attachment":[{"href":"https:\/\/www.finquesmigdia.es\/es\/wp-json\/wp\/v2\/media?parent=2157"}],"wp:term":[{"taxonomy":"property_type","embeddable":true,"href":"https:\/\/www.finquesmigdia.es\/es\/wp-json\/wp\/v2\/property_type?post=2157"},{"taxonomy":"property_status","embeddable":true,"href":"https:\/\/www.finquesmigdia.es\/es\/wp-json\/wp\/v2\/property_status?post=2157"},{"taxonomy":"property_feature","embeddable":true,"href":"https:\/\/www.finquesmigdia.es\/es\/wp-json\/wp\/v2\/property_feature?post=2157"},{"taxonomy":"property_label","embeddable":true,"href":"https:\/\/www.finquesmigdia.es\/es\/wp-json\/wp\/v2\/property_label?post=2157"},{"taxonomy":"property_country","embeddable":true,"href":"https:\/\/www.finquesmigdia.es\/es\/wp-json\/wp\/v2\/property_country?post=2157"},{"taxonomy":"property_state","embeddable":true,"href":"https:\/\/www.finquesmigdia.es\/es\/wp-json\/wp\/v2\/property_state?post=2157"},{"taxonomy":"property_city","embeddable":true,"href":"https:\/\/www.finquesmigdia.es\/es\/wp-json\/wp\/v2\/property_city?post=2157"},{"taxonomy":"property_area","embeddable":true,"href":"https:\/\/www.finquesmigdia.es\/es\/wp-json\/wp\/v2\/property_area?post=2157"}],"curies":[{"name":"wp","href":"https:\/\/api.w.org\/{rel}","templated":true}]}}